{"id":6648,"date":"2023-10-13T15:14:56","date_gmt":"2023-10-13T13:14:56","guid":{"rendered":"https:\/\/www.muzard-sarl.com\/?post_type=product&#038;p=6648"},"modified":"2026-03-20T15:30:03","modified_gmt":"2026-03-20T14:30:03","slug":"carrelet-en-ebene-du-gabon-5","status":"publish","type":"product","link":"https:\/\/www.muzard-sarl.com\/en\/product\/carrelet-en-ebene-du-gabon-5\/","title":{"rendered":"Carrelet en Eb\u00e8ne du Gabon"},"content":{"rendered":"<p>L&rsquo;\u00e9b\u00e8ne du Gabon est un bois dense et lourd qui est appr\u00e9ci\u00e9 pour sa durabilit\u00e9 et sa r\u00e9sistance \u00e0 l&rsquo;usure et \u00e0 la d\u00e9chirure.<\/p>\n<p>Ses motifs de grains uniques et sa couleur noire profonde en font un choix populaire pour les manches de couteaux, o\u00f9 il offre \u00e0 la fois une fonctionnalit\u00e9 et un attrait esth\u00e9tique.<\/p>\n<p><strong>Dimensions 145x35x30mm<\/strong><\/p>\n<p>(Photo non contractuelle), le veinage peut l\u00e9g\u00e8rement vari\u00e9.<\/p>","protected":false},"excerpt":{"rendered":"<p>Dimensions : 145 x 35 x 30 mm<\/p>","protected":false},"featured_media":6649,"comment_status":"closed","ping_status":"closed","template":"","meta":{"_vp_format_video_url":"","_vp_image_focal_point":[]},"product_cat":[90],"product_tag":[],"acf":[],"yoast_head":"<!-- This site is optimized with the Yoast SEO plugin v20.13 - https:\/\/yoast.com\/wordpress\/plugins\/seo\/ -->\n<title>Carrelet en Eb\u00e8ne du Gabon - Muzard SARL<\/title>\n<meta name=\"description\" content=\"Carrelet en Eb\u00e8ne du Gabon - Muzard SARL Carrelet en Eb\u00e8ne du Gabon, id\u00e9al pour la r\u00e9alisation de vos plus belles cr\u00e9ations.\" \/>\n<meta name=\"robots\" content=\"index, follow, max-snippet:-1, max-image-preview:large, max-video-preview:-1\" \/>\n<link rel=\"canonical\" href=\"https:\/\/www.muzard-sarl.com\/en\/product\/carrelet-en-ebene-du-gabon-5\/\" \/>\n<meta property=\"og:locale\" content=\"en_GB\" \/>\n<meta property=\"og:type\" content=\"article\" \/>\n<meta property=\"og:title\" content=\"Carrelet en Eb\u00e8ne du Gabon - Muzard SARL\" \/>\n<meta property=\"og:description\" content=\"Carrelet en Eb\u00e8ne du Gabon - Muzard SARL Carrelet en Eb\u00e8ne du Gabon, id\u00e9al pour la r\u00e9alisation de vos plus belles cr\u00e9ations.\" \/>\n<meta property=\"og:url\" content=\"https:\/\/www.muzard-sarl.com\/en\/product\/carrelet-en-ebene-du-gabon-5\/\" \/>\n<meta property=\"og:site_name\" content=\"Muzard SARL\" \/>\n<meta property=\"article:publisher\" content=\"https:\/\/www.facebook.com\/muzardSarl\/\" \/>\n<meta property=\"article:modified_time\" content=\"2026-03-20T14:30:03+00:00\" \/>\n<meta property=\"og:image\" content=\"https:\/\/www.muzard-sarl.com\/wp-content\/uploads\/2023\/10\/ebene-du-gaboncarrelet.png\" \/>\n\t<meta property=\"og:image:width\" content=\"1000\" \/>\n\t<meta property=\"og:image:height\" content=\"1000\" \/>\n\t<meta property=\"og:image:type\" content=\"image\/png\" \/>\n<meta name=\"twitter:card\" content=\"summary_large_image\" \/>\n<meta name=\"twitter:label1\" content=\"Estimated reading time\" \/>\n\t<meta name=\"twitter:data1\" content=\"1 minute\" \/>\n<script type=\"application\/ld+json\" class=\"yoast-schema-graph\">{\"@context\":\"https:\/\/schema.org\",\"@graph\":[{\"@type\":\"WebPage\",\"@id\":\"https:\/\/www.muzard-sarl.com\/produit\/carrelet-en-ebene-du-gabon-5\/\",\"url\":\"https:\/\/www.muzard-sarl.com\/produit\/carrelet-en-ebene-du-gabon-5\/\",\"name\":\"Carrelet en Eb\u00e8ne du Gabon - Muzard SARL\",\"isPartOf\":{\"@id\":\"https:\/\/www.muzard-sarl.com\/#website\"},\"datePublished\":\"2023-10-13T13:14:56+00:00\",\"dateModified\":\"2026-03-20T14:30:03+00:00\",\"description\":\"Carrelet en Eb\u00e8ne du Gabon - Muzard SARL Carrelet en Eb\u00e8ne du Gabon, id\u00e9al pour la r\u00e9alisation de vos plus belles cr\u00e9ations.\",\"breadcrumb\":{\"@id\":\"https:\/\/www.muzard-sarl.com\/produit\/carrelet-en-ebene-du-gabon-5\/#breadcrumb\"},\"inLanguage\":\"en-GB\",\"potentialAction\":[{\"@type\":\"ReadAction\",\"target\":[\"https:\/\/www.muzard-sarl.com\/produit\/carrelet-en-ebene-du-gabon-5\/\"]}]},{\"@type\":\"BreadcrumbList\",\"@id\":\"https:\/\/www.muzard-sarl.com\/produit\/carrelet-en-ebene-du-gabon-5\/#breadcrumb\",\"itemListElement\":[{\"@type\":\"ListItem\",\"position\":1,\"name\":\"Accueil\",\"item\":\"https:\/\/www.muzard-sarl.com\/\"},{\"@type\":\"ListItem\",\"position\":2,\"name\":\"Boutique Mat\u00e9riaux de Coutellerie\",\"item\":\"https:\/\/www.muzard-sarl.com\/boutique-en-ligne-materiaux-metier-dart\/\"},{\"@type\":\"ListItem\",\"position\":3,\"name\":\"Plaquettes et carrelets en Bois\",\"item\":\"https:\/\/www.muzard-sarl.com\/categorie-produit\/plaquettes-et-carrelets-en-bois\/\"},{\"@type\":\"ListItem\",\"position\":4,\"name\":\"Eb\u00e8ne du Gabon\",\"item\":\"https:\/\/www.muzard-sarl.com\/categorie-produit\/bois\/ebene-du-gabon\/\"},{\"@type\":\"ListItem\",\"position\":5,\"name\":\"Carrelet en Eb\u00e8ne du Gabon\"}]},{\"@type\":\"WebSite\",\"@id\":\"https:\/\/www.muzard-sarl.com\/#website\",\"url\":\"https:\/\/www.muzard-sarl.com\/\",\"name\":\"Muzard SARL\",\"description\":\"Fabricant d&#039;objets en bois et corne depuis 1990\",\"publisher\":{\"@id\":\"https:\/\/www.muzard-sarl.com\/#organization\"},\"potentialAction\":[{\"@type\":\"SearchAction\",\"target\":{\"@type\":\"EntryPoint\",\"urlTemplate\":\"https:\/\/www.muzard-sarl.com\/?s={search_term_string}\"},\"query-input\":\"required name=search_term_string\"}],\"inLanguage\":\"en-GB\"},{\"@type\":\"Organization\",\"@id\":\"https:\/\/www.muzard-sarl.com\/#organization\",\"name\":\"MUZARD SARL\",\"url\":\"https:\/\/www.muzard-sarl.com\/\",\"logo\":{\"@type\":\"ImageObject\",\"inLanguage\":\"en-GB\",\"@id\":\"https:\/\/www.muzard-sarl.com\/#\/schema\/logo\/image\/\",\"url\":\"https:\/\/www.muzard-sarl.com\/wp-content\/uploads\/2022\/04\/cropped-cropped-Logo-Muzard-SARL-Site-Muzard-ok.png\",\"contentUrl\":\"https:\/\/www.muzard-sarl.com\/wp-content\/uploads\/2022\/04\/cropped-cropped-Logo-Muzard-SARL-Site-Muzard-ok.png\",\"width\":1916,\"height\":413,\"caption\":\"MUZARD SARL\"},\"image\":{\"@id\":\"https:\/\/www.muzard-sarl.com\/#\/schema\/logo\/image\/\"},\"sameAs\":[\"https:\/\/www.facebook.com\/muzardSarl\/\",\"https:\/\/www.instagram.com\/muzard_sarl\/?hl=fr\"]}]}<\/script>\n<!-- \/ Yoast SEO plugin. -->","yoast_head_json":{"title":"Carrelet en Eb\u00e8ne du Gabon - Muzard SARL","description":"Carrelet en Eb\u00e8ne du Gabon - Muzard SARL Carrelet en Eb\u00e8ne du Gabon, id\u00e9al pour la r\u00e9alisation de vos plus belles cr\u00e9ations.","robots":{"index":"index","follow":"follow","max-snippet":"max-snippet:-1","max-image-preview":"max-image-preview:large","max-video-preview":"max-video-preview:-1"},"canonical":"https:\/\/www.muzard-sarl.com\/en\/product\/carrelet-en-ebene-du-gabon-5\/","og_locale":"en_GB","og_type":"article","og_title":"Carrelet en Eb\u00e8ne du Gabon - Muzard SARL","og_description":"Carrelet en Eb\u00e8ne du Gabon - Muzard SARL Carrelet en Eb\u00e8ne du Gabon, id\u00e9al pour la r\u00e9alisation de vos plus belles cr\u00e9ations.","og_url":"https:\/\/www.muzard-sarl.com\/en\/product\/carrelet-en-ebene-du-gabon-5\/","og_site_name":"Muzard SARL","article_publisher":"https:\/\/www.facebook.com\/muzardSarl\/","article_modified_time":"2026-03-20T14:30:03+00:00","og_image":[{"width":1000,"height":1000,"url":"https:\/\/www.muzard-sarl.com\/wp-content\/uploads\/2023\/10\/ebene-du-gaboncarrelet.png","type":"image\/png"}],"twitter_card":"summary_large_image","twitter_misc":{"Estimated reading time":"1 minute"},"schema":{"@context":"https:\/\/schema.org","@graph":[{"@type":"WebPage","@id":"https:\/\/www.muzard-sarl.com\/produit\/carrelet-en-ebene-du-gabon-5\/","url":"https:\/\/www.muzard-sarl.com\/produit\/carrelet-en-ebene-du-gabon-5\/","name":"Carrelet en Eb\u00e8ne du Gabon - Muzard SARL","isPartOf":{"@id":"https:\/\/www.muzard-sarl.com\/#website"},"datePublished":"2023-10-13T13:14:56+00:00","dateModified":"2026-03-20T14:30:03+00:00","description":"Carrelet en Eb\u00e8ne du Gabon - Muzard SARL Carrelet en Eb\u00e8ne du Gabon, id\u00e9al pour la r\u00e9alisation de vos plus belles cr\u00e9ations.","breadcrumb":{"@id":"https:\/\/www.muzard-sarl.com\/produit\/carrelet-en-ebene-du-gabon-5\/#breadcrumb"},"inLanguage":"en-GB","potentialAction":[{"@type":"ReadAction","target":["https:\/\/www.muzard-sarl.com\/produit\/carrelet-en-ebene-du-gabon-5\/"]}]},{"@type":"BreadcrumbList","@id":"https:\/\/www.muzard-sarl.com\/produit\/carrelet-en-ebene-du-gabon-5\/#breadcrumb","itemListElement":[{"@type":"ListItem","position":1,"name":"Accueil","item":"https:\/\/www.muzard-sarl.com\/"},{"@type":"ListItem","position":2,"name":"Boutique Mat\u00e9riaux de Coutellerie","item":"https:\/\/www.muzard-sarl.com\/boutique-en-ligne-materiaux-metier-dart\/"},{"@type":"ListItem","position":3,"name":"Plaquettes et carrelets en Bois","item":"https:\/\/www.muzard-sarl.com\/categorie-produit\/plaquettes-et-carrelets-en-bois\/"},{"@type":"ListItem","position":4,"name":"Eb\u00e8ne du Gabon","item":"https:\/\/www.muzard-sarl.com\/categorie-produit\/bois\/ebene-du-gabon\/"},{"@type":"ListItem","position":5,"name":"Carrelet en Eb\u00e8ne du Gabon"}]},{"@type":"WebSite","@id":"https:\/\/www.muzard-sarl.com\/#website","url":"https:\/\/www.muzard-sarl.com\/","name":"Muzard SARL","description":"Manufacturer of wooden objects and horns since 1990","publisher":{"@id":"https:\/\/www.muzard-sarl.com\/#organization"},"potentialAction":[{"@type":"SearchAction","target":{"@type":"EntryPoint","urlTemplate":"https:\/\/www.muzard-sarl.com\/?s={search_term_string}"},"query-input":"required name=search_term_string"}],"inLanguage":"en-GB"},{"@type":"Organization","@id":"https:\/\/www.muzard-sarl.com\/#organization","name":"MUZARD SARL","url":"https:\/\/www.muzard-sarl.com\/","logo":{"@type":"ImageObject","inLanguage":"en-GB","@id":"https:\/\/www.muzard-sarl.com\/#\/schema\/logo\/image\/","url":"https:\/\/www.muzard-sarl.com\/wp-content\/uploads\/2022\/04\/cropped-cropped-Logo-Muzard-SARL-Site-Muzard-ok.png","contentUrl":"https:\/\/www.muzard-sarl.com\/wp-content\/uploads\/2022\/04\/cropped-cropped-Logo-Muzard-SARL-Site-Muzard-ok.png","width":1916,"height":413,"caption":"MUZARD SARL"},"image":{"@id":"https:\/\/www.muzard-sarl.com\/#\/schema\/logo\/image\/"},"sameAs":["https:\/\/www.facebook.com\/muzardSarl\/","https:\/\/www.instagram.com\/muzard_sarl\/?hl=fr"]}]}},"_links":{"self":[{"href":"https:\/\/www.muzard-sarl.com\/en\/wp-json\/wp\/v2\/product\/6648"}],"collection":[{"href":"https:\/\/www.muzard-sarl.com\/en\/wp-json\/wp\/v2\/product"}],"about":[{"href":"https:\/\/www.muzard-sarl.com\/en\/wp-json\/wp\/v2\/types\/product"}],"replies":[{"embeddable":true,"href":"https:\/\/www.muzard-sarl.com\/en\/wp-json\/wp\/v2\/comments?post=6648"}],"wp:featuredmedia":[{"embeddable":true,"href":"https:\/\/www.muzard-sarl.com\/en\/wp-json\/wp\/v2\/media\/6649"}],"wp:attachment":[{"href":"https:\/\/www.muzard-sarl.com\/en\/wp-json\/wp\/v2\/media?parent=6648"}],"wp:term":[{"taxonomy":"product_cat","embeddable":true,"href":"https:\/\/www.muzard-sarl.com\/en\/wp-json\/wp\/v2\/product_cat?post=6648"},{"taxonomy":"product_tag","embeddable":true,"href":"https:\/\/www.muzard-sarl.com\/en\/wp-json\/wp\/v2\/product_tag?post=6648"}],"curies":[{"name":"wp","href":"https:\/\/api.w.org\/{rel}","templated":true}]}}